{"id":14,"date":"2018-01-05T18:00:51","date_gmt":"2018-01-05T18:00:51","guid":{"rendered":"http:\/\/www.cigelski.com\/sophia\/?page_id=14"},"modified":"2018-05-21T13:59:34","modified_gmt":"2018-05-21T12:59:34","slug":"impressum","status":"publish","type":"page","link":"http:\/\/www.cigelski.com\/?page_id=14","title":{"rendered":"Impressum"},"content":{"rendered":"<p align=\"justify\"><span style=\"font-family: Arial, serif;\"><b>Anbieterkennzeichung gem\u00e4\u00df \u00a7 5 TMG:<\/b><\/span><\/p>\n<p><span style=\"font-family: Arial, serif;\">Psychotherapeutische Praxis Sophia Cigelski<br \/>\nHafenweg 26b<br \/>\n48155 M\u00fcnster<br \/>\nTelefon: 0251 674 4680<br \/>\nE-Mail: info<a href=\"mailto:praxis@.de\">@cigelski.com<\/a><br \/>\nInternet: www.cigelski.com<\/span><\/p>\n<p align=\"justify\"><span style=\"font-family: Arial, serif;\">Verantwortlich f\u00fcr den Inhalt nach \u00a7 55 Abs. 2 RStV: (Praxisinhaber)<\/span><\/p>\n<p align=\"justify\"><span style=\"font-family: Arial, serif;\"><b>Umsatzsteuer-Identifikations-Nr.:<\/b><\/span><span style=\"font-family: Arial, serif;\">\u00a0Nach \u00a7 4 Nr. 14<br \/>\nUmsatzsteuergesetz<\/span> <span style=\"font-family: Arial, serif;\">von der Umsatzsteuer befreit<\/span><\/p>\n<p><span style=\"font-family: Arial, serif;\"><b>Geltungsraum der Versicherung:<\/b><\/span><\/p>\n<p><span style=\"font-family: Arial, serif;\">Deutschland<\/span><\/p>\n<p><span style=\"color: #000000;\"><span style=\"font-family: Arial, serif;\"><span style=\"font-size: medium;\"><span style=\"font-size: small;\"><b>Gesetzliche Berufsbezeichnung: <\/b><\/span><\/span><\/span><\/span><\/p>\n<p><span style=\"color: #000000;\"><span style=\"font-family: Arial, serif;\"><span style=\"font-size: medium;\"><span style=\"font-size: small;\">Psychologische Psychotherapeutin, verliehen in der Bundesrepublik Deutschland <\/span><\/span><\/span><\/span><\/p>\n<p><span style=\"color: #000000;\"><span style=\"font-family: Arial, serif;\"><span style=\"font-size: medium;\"><span style=\"font-size: small;\"><b>Ma\u00dfgebliche berufsrechtliche Regelungen: <\/b><\/span><\/span><\/span><\/span><\/p>\n<p><span style=\"color: #000000;\"><span style=\"font-family: Arial, serif;\"><span style=\"font-size: medium;\"><span style=\"font-size: small;\">Gesetz \u00fcber die Berufe des psychologischen Psychotherapeuten und des Kinder- und Jugendlichenpsychotherapeuten in der jeweils geltenden Fassung (PsychThG) <\/span><\/span><\/span><\/span><\/p>\n<p><span style=\"color: #000000;\"><span style=\"font-family: Arial, serif;\"><span style=\"font-size: medium;\"><span style=\"font-size: small;\">Gesetz \u00fcber das Berufsrecht und die Kammern der \u00c4rzte, Zahn\u00e4rzte, Tier\u00e4rzte, Apotheker, Psychologischen Psychotherapeuten sowie der Kinder- und Jugendlichenpsychotherapeuten (HBKG Baden-W\u00fcrttemberg) in der jeweils geltenden Fassung <\/span><\/span><\/span><\/span><\/p>\n<p><span style=\"color: #000000;\"><span style=\"font-family: Arial, serif;\"><span style=\"font-size: medium;\"><span style=\"font-size: small;\">Berufsordnung f\u00fcr Psychologische Psychotherapeuten und Kinder- und Jugendlichenpsychotherapeuten der Landespsychotherapeutenkammer Nordrhein-Westfalen in der jeweils geltenden Fassung <\/span><\/span><\/span><\/span><\/p>\n<p><span style=\"color: #000000;\"><span style=\"font-family: Arial, serif;\"><span style=\"font-size: medium;\"><span style=\"font-size: small;\">Texte der vorgenannten Bestimmungen sind im Buchhandel erh\u00e4ltlich oder auf der Homepage der Aufsichtsbeh\u00f6rde (z.B. abrufbar unter www.ptk-nrw.de)<\/span><\/span><\/span><\/span><\/p>\n<p><span style=\"color: #000000;\"><span style=\"font-family: Arial, serif;\"><span style=\"font-size: medium;\"><span style=\"font-size: small;\"><b>Zugeh\u00f6rige Aufsichtsbeh\u00f6rde: <\/b><\/span><\/span><\/span><\/span><\/p>\n<p><span style=\"color: #000000;\"><span style=\"font-family: Arial, serif;\"><span style=\"font-size: medium;\"><span style=\"font-size: small;\">Landespsychotherapeutenkammer NRW, Willst\u00e4tterstra\u00dfe 10, 40549 D\u00fcsseldorf , www.ptk-nrw.de<\/span><\/span><\/span><\/span><\/p>\n<p align=\"justify\"><span style=\"font-family: Arial, serif;\"><b>Berufsrechtliche Angaben\u00a0<\/b><\/span><\/p>\n<ul>\n<li><span style=\"font-family: Arial, serif;\">Sophia Cigelski, Psychologischer Psychotherapeut f\u00fcr Verhaltenstherapie<br \/>\n<\/span><span style=\"font-family: Arial, serif;\">Approbation verliehen durch (Approbationsbeh\u00f6rde) Kassen\u00e4rztliche Vereinigung Westfalen-Lippe<\/span><\/li>\n<li>Pascal Cherouny, Psychologischer Psychotherapeut f\u00fcr Verhaltenstherapie<br \/>\n<span style=\"font-family: Arial, serif;\">Approbation verliehen durch (Approbationsbeh\u00f6rde) Kassen\u00e4rztliche Vereinigung Westfalen-Lippe<\/span><\/li>\n<\/ul>\n<p align=\"justify\"><span style=\"font-family: Arial, serif;\"><b>Kammerzugeh\u00f6rigkeit<\/b><\/span><\/p>\n<p align=\"justify\"><span style=\"font-family: Arial, serif;\">Landespsychotherapeutenkammer Nordrhein-Westfalen<\/span><\/p>\n<p align=\"justify\"><span style=\"color: #000000;\"><span style=\"font-family: Arial, serif;\"><span style=\"font-size: medium;\"><span style=\"font-size: small;\">Willst\u00e4tterstra\u00dfe 10, <\/span><\/span><\/span><\/span><\/p>\n<p align=\"justify\"><span style=\"color: #000000;\"><span style=\"font-family: Arial, serif;\"><span style=\"font-size: medium;\"><span style=\"font-size: small;\">40549 D\u00fcsseldorf<\/span><\/span><\/span><\/span><\/p>\n<p align=\"justify\"><span style=\"font-family: Arial, serif;\"><b>Zust\u00e4ndige Aufsichtsbeh\u00f6rde f\u00fcr vertragspsychotherapeutische T\u00e4tigkeiten<\/b><\/span><\/p>\n<p align=\"justify\"><span style=\"font-family: Arial, serif;\">Kassen\u00e4rztliche Vereinigung Nordrhein-Westfalen<\/span><\/p>\n<p align=\"justify\"><span style=\"font-family: Arial, serif;\">Robert-Schimrigk-Str. 4-6<\/span><\/p>\n<p align=\"justify\"><span style=\"font-family: Arial, serif;\">44141 Dortmund<\/span><\/p>\n<p align=\"justify\"><span style=\"font-family: Arial, serif;\"><b>Zust\u00e4ndige Aufsichtsbeh\u00f6rde (approbationsrechtlich) \/ zust\u00e4ndige Bezirksregierung<\/b><\/span><\/p>\n<p align=\"justify\"><span style=\"font-family: Arial, serif;\">Bezirksregierung M\u00fcnster<\/span><\/p>\n<p align=\"justify\"><span style=\"font-family: Arial, serif;\">Domplatz 1-3<\/span><\/p>\n<p align=\"justify\"><span style=\"font-family: Arial, serif;\">48143 M\u00fcnster<\/span><\/p>\n<p align=\"justify\"><span style=\"font-family: Arial, serif;\">Alle auf unserer Seite vorgestellten Psychotherapeut\/innen haben Ihre Approbation und damit Ihre Zulassung zum Beruf des Psychotherapeuten bzw. der Psychotherapeutin durch die jeweils zust\u00e4ndige Landesbeh\u00f6rde der Bundesrepublik Deutschland verliehen bekommen (sofern nicht im Impressum oder in der Vita abweichende Angaben genannt sind). Die Informationen zu den berufsrechtlichen Regeln sowie zu den zust\u00e4ndigen Aufsichtsbeh\u00f6rden\/Kammern gelten entsprechend.<\/span><\/p>\n<p align=\"justify\"><span style=\"font-family: Arial, serif;\"><b>Au\u00dfergerichtliche Streitschlichtung:<\/b><\/span><\/p>\n<p align=\"justify\"><span style=\"font-family: Arial, serif;\">Die EU-Kommission stellt eine Plattform zur Online-Streitbeilegung (OS-Plattform) verbraucherrechtlicher Streitigkeiten bereit, die aus Online-Kaufvertr\u00e4gen und Online-Dienstleistungsvertr\u00e4gen resultieren. <\/span><\/p>\n<p align=\"justify\"><span style=\"font-family: Arial, serif;\">Diese Plattform erreichen Sie im Internet unter: http:\/\/ec.europa.eu\/consumers\/odr\/. Wir sind nicht bereit oder verpflichtet, an Streitbeilegungsverfahren vor einer Verbraucherschlichtungsstelle teilzunehmen.<\/span> <span style=\"font-family: Arial, serif;\">Uns ist vielmehr daran gelegen, Streitigkeiten mit unseren Kunden im direkten Kontakt zu kl\u00e4ren. Bitte wenden Sie sich an den Kundenservice<\/span><\/p>\n<p align=\"justify\"><span style=\"font-family: Arial, serif;\">Wir sind erreichbar unter der folgenden E-Mail-Adresse: <\/span><a href=\"mailto:info@.de\"><span style=\"font-family: Arial, serif;\">info@cigelski.com<\/span><\/a><\/p>\n<p align=\"justify\"><span style=\"font-family: Arial, serif;\"><b>Haftung f\u00fcr Inhalte:<\/b><\/span><\/p>\n<p align=\"justify\"><span style=\"font-family: Arial, serif;\">Alle Angaben und Daten wurden nach bestem Wissen erstellt, es wird jedoch keine Gew\u00e4hr f\u00fcr deren Vollst\u00e4ndigkeit und Richtigkeit \u00fcbernommen.<\/span><\/p>\n<p align=\"justify\"><span style=\"font-family: Arial, serif;\">Als Diensteanbieter sind wir gem\u00e4\u00df \u00a7 7 Abs.1 TMG f\u00fcr eigene Inhalte auf diesen Seiten nach den allgemeinen Gesetzen verantwortlich. Nach \u00a7\u00a7 8 bis 10 TMG sind wir als Diensteanbieter jedoch nicht verpflichtet, \u00fcbermittelte oder gespeicherte fremde Informationen zu \u00fcberwachen oder nach Umst\u00e4nden zu forschen, die auf eine rechtswidrige T\u00e4tigkeit hinweisen.<\/span><\/p>\n<p align=\"justify\"><span style=\"font-family: Arial, serif;\">Verpflichtungen zur Entfernung oder Sperrung der Nutzung von Informationen nach den allgemeinen Gesetzen bleiben hiervon unber\u00fchrt. Eine diesbez\u00fcgliche Haftung ist jedoch erst ab dem Zeitpunkt der Kenntnis einer konkreten Rechtsverletzung m\u00f6glich. Bei Bekanntwerden von entsprechenden Rechtsverletzungen werden wir diese Inhalte umgehend entfernen.<\/span><\/p>\n<p align=\"justify\"><span style=\"font-family: Arial, serif;\"><b>Haftung f\u00fcr Links:<\/b><\/span><\/p>\n<p align=\"justify\"><span style=\"font-family: Arial, serif;\">Unser Angebot enth\u00e4lt Links zu externen Websites Dritter, auf deren Inhalte wir keinen Einfluss haben. Deshalb k\u00f6nnen wir f\u00fcr diese fremden Inhalte auch keine Gew\u00e4hr \u00fcbernehmen. F\u00fcr die Inhalte der verlinkten Seiten ist stets der jeweilige Anbieter oder Betreiber der Seiten verantwortlich. Die verlinkten Seiten wurden zum Zeitpunkt der Verlinkung auf m\u00f6gliche Rechtsverst\u00f6\u00dfe \u00fcberpr\u00fcft. Rechtswidrige Inhalte waren zum Zeitpunkt der Verlinkung nicht erkennbar.<\/span> <span style=\"font-family: Arial, serif;\">Deshalb distanzieren wir uns hiermit ausdr\u00fccklich von allen Inhalten aller gelinkten Seiten.<\/span><\/p>\n<p align=\"justify\"><span style=\"font-family: Arial, serif;\">Eine permanente inhaltliche Kontrolle der verlinkten Seiten ist jedoch ohne konkrete Anhaltspunkte einer Rechtsverletzung nicht zumutbar. Bei Bekanntwerden von Rechtsverletzungen werden wir derartige Links umgehend entfernen.<\/span><\/p>\n<p align=\"justify\"><span style=\"font-family: Arial, serif;\"><b>Urheberrecht:<\/b><\/span><\/p>\n<p align=\"justify\"><span style=\"font-family: Arial, serif;\">Alle in diesem Angebot ver\u00f6ffentlichten Beitr\u00e4ge sind urheberrechtlich gesch\u00fctzt. Die durch die Seitenbetreiber erstellten Inhalte und Werke auf diesen Seiten unterliegen dem deutschen Urheberrecht. Die Vervielf\u00e4ltigung, Bearbeitung, Verbreitung und jede Art der Verwertung au\u00dferhalb der Grenzen des Urheberrechtes bed\u00fcrfen der schriftlichen Zustimmung des jeweiligen Autors bzw. Erstellers. Downloads und Kopien dieser Seite sind nur f\u00fcr den privaten, nicht kommerziellen Gebrauch gestattet. Angebote und Allgemeine Gesch\u00e4ftsbedingungen (AGB) d\u00fcrfen f\u00fcr Bestellungen jedoch ausgedruckt werden.<\/span><\/p>\n<p align=\"justify\"><span style=\"font-family: Arial, serif;\">Soweit die Inhalte auf dieser Seite nicht vom Betreiber erstellt wurden, werden die Urheberrechte Dritter beachtet. Insbesondere werden Inhalte Dritter als solche gekennzeichnet. Sollten Sie trotzdem auf eine Urheberrechtsverletzung aufmerksam werden, bitten wir um einen entsprechenden Hinweis. Bei Bekanntwerden von Rechtsverletzungen werden wir derartige Inhalte umgehend entfernen.<\/span><\/p>\n<p align=\"justify\"><span style=\"font-family: Arial, serif;\"><b>Datenschutz:<\/b><\/span><\/p>\n<p align=\"justify\"><span style=\"font-family: Arial, serif;\">Unsere Datenschutzerkl\u00e4rung finden Sie <\/span><a href=\"http:\/\/www.cigelski.com\/?page_id=197\"><span style=\"font-family: Arial, serif;\">hier<\/span><\/a><span style=\"font-family: Arial, serif;\">.<\/span><\/p>\n<p>&nbsp;<\/p>\n<p>&nbsp;<\/p>\n","protected":false},"excerpt":{"rendered":"<p>Anbieterkennzeichung gem\u00e4\u00df \u00a7 5 TMG: Psychotherapeutische Praxis Sophia Cigelski Hafenweg 26b 48155 M\u00fcnster Telefon: 0251 674 4680 E-Mail: info@cigelski.com Internet: www.cigelski.com Verantwortlich f\u00fcr den Inhalt nach \u00a7 55 Abs. 2 RStV: (Praxisinhaber) Umsatzsteuer-Identifikations-Nr.:\u00a0Nach \u00a7 4 Nr. 14 Umsatzsteuergesetz von der&hellip; <\/p>\n","protected":false},"author":1,"featured_media":0,"parent":0,"menu_order":0,"comment_status":"closed","ping_status":"closed","template":"","meta":[],"_links":{"self":[{"href":"http:\/\/www.cigelski.com\/index.php?rest_route=\/wp\/v2\/pages\/14"}],"collection":[{"href":"http:\/\/www.cigelski.com\/index.php?rest_route=\/wp\/v2\/pages"}],"about":[{"href":"http:\/\/www.cigelski.com\/index.php?rest_route=\/wp\/v2\/types\/page"}],"author":[{"embeddable":true,"href":"http:\/\/www.cigelski.com\/index.php?rest_route=\/wp\/v2\/users\/1"}],"replies":[{"embeddable":true,"href":"http:\/\/www.cigelski.com\/index.php?rest_route=%2Fwp%2Fv2%2Fcomments&post=14"}],"version-history":[{"count":7,"href":"http:\/\/www.cigelski.com\/index.php?rest_route=\/wp\/v2\/pages\/14\/revisions"}],"predecessor-version":[{"id":204,"href":"http:\/\/www.cigelski.com\/index.php?rest_route=\/wp\/v2\/pages\/14\/revisions\/204"}],"wp:attachment":[{"href":"http:\/\/www.cigelski.com\/index.php?rest_route=%2Fwp%2Fv2%2Fmedia&parent=14"}],"curies":[{"name":"wp","href":"https:\/\/api.w.org\/{rel}","templated":true}]}}