{"id":197,"date":"2018-05-21T12:54:05","date_gmt":"2018-05-21T11:54:05","guid":{"rendered":"http:\/\/www.cigelski.com\/?page_id=197"},"modified":"2018-05-21T13:58:44","modified_gmt":"2018-05-21T12:58:44","slug":"datenschutzerklaerung","status":"publish","type":"page","link":"http:\/\/www.cigelski.com\/?page_id=197","title":{"rendered":"Datenschutzerkl\u00e4rung"},"content":{"rendered":"<p align=\"center\"><strong><span style=\"font-family: Arial, serif;\">Datenschutzerkl\u00e4rung n<\/span><span style=\"font-family: Arial, serif;\">ach den Vorgaben der Datenschutzgrundverordnung (DSGVO-EU)<\/span><\/strong><\/p>\n<ol>\n<li><span style=\"font-family: Arial, serif;\"><b>Name und Kontaktdaten des f\u00fcr die Verarbeitung Verantwortlichen<\/b><\/span><\/li>\n<\/ol>\n<p align=\"justify\"><span style=\"font-family: Arial, serif;\">Diese Datenschutz-Information gilt f\u00fcr die Datenverarbeitung durch:<\/span><\/p>\n<p align=\"justify\"><span style=\"font-family: Arial, serif;\"><b>Verantwortlicher:<\/b><\/span><\/p>\n<p align=\"justify\"><span style=\"font-family: Arial, serif;\">Psychotherapeutische Praxis Sophia Cigelski (im Folgenden: SC)<\/span><\/p>\n<p align=\"justify\"><span style=\"font-family: Arial, serif;\">Hafenweg 26b<\/span><\/p>\n<p align=\"justify\"><span style=\"font-family: Arial, serif;\">48155 M\u00fcnster<\/span><\/p>\n<p align=\"justify\"><span style=\"font-family: Arial, serif;\">Deutschland<\/span><\/p>\n<p align=\"justify\"><span style=\"font-family: Arial, serif;\">E-Mail: info<\/span><a href=\"mailto:_______@praxis-xy.de\"><span style=\"color: #00000a;\"><span style=\"font-family: Arial, serif;\">@cigelski.com<\/span><\/span><\/a><\/p>\n<p align=\"justify\"><span style=\"font-family: Arial, serif;\">Telefon: (0)251 \u2013 6744680<\/span><\/p>\n<p align=\"justify\"><span style=\"font-family: Arial, serif;\">Website: <\/span><a href=\"http:\/\/www.praxis-xy\/\"><span style=\"color: #00000a;\"><span style=\"font-family: Arial, serif;\">www.cigelski.com<\/span><\/span><\/a><\/p>\n<p style=\"text-align: center;\" align=\"center\"><span style=\"font-family: Arial, serif;\"><span style=\"font-size: medium;\"><b>1. Erhebung und Speicherung personenbezogener Daten sowie Art und Zweck von deren Verwendung<\/b><\/span><\/span><\/p>\n<p align=\"justify\"><span style=\"font-family: Arial, serif;\">Wir erheben und verwenden personenbezogene Daten unserer Nutzer grunds\u00e4tzlich nur, soweit dies zur Bereitstellung einer funktionierenden Website sowie unserer Inhalte und Leistungen erforderlich ist. Die Erhebung und Verwendung personenbezogener Daten unserer Nutzer erfolgt regelm\u00e4\u00dfig nur nach Einwilligung des Nutzers. Eine Ausnahme gilt nur in den F\u00e4llen, in denen eine vorherige Einholung einer Einwilligung aus tats\u00e4chlichen Gr\u00fcnden nicht m\u00f6glich ist und die Verarbeitung der Daten durch gesetzliche Vorschriften gestattet ist.<\/span><\/p>\n<p align=\"justify\"><span style=\"font-family: Arial, serif;\"><b>a) Bei einem Besuch der Website<\/b><\/span><\/p>\n<p align=\"justify\"><span style=\"font-family: Arial, serif;\">Beim Aufrufen unserer Website <\/span><a href=\"http:\/\/www.Praxis-xy.de\/\"><span style=\"color: #00000a;\"><span style=\"font-family: Arial, serif;\"><b>www.cigelski.com<\/b><\/span><\/span><\/a><span style=\"font-family: Arial, serif;\">\u00a0werden durch den auf Ihrem jeweiligen Endger\u00e4t zum Einsatz kommenden Browser automatisch Informationen an den Server unserer Website gesendet. Diese Informationen werden vor\u00fcbergehend in einem sog. Logfile gespeichert. Folgende Informationen werden dabei ohne Ihr Zutun erfasst und bis zur automatisierten L\u00f6schung gespeichert:<\/span><\/p>\n<ul>\n<li>\n<p align=\"justify\"><span style=\"font-family: Arial, serif;\">Uhrzeit und Datum des Zugriffs,<\/span><\/p>\n<\/li>\n<li>\n<p align=\"justify\"><span style=\"font-family: Arial, serif;\">IP-Adresse des anfragenden Rechners,<\/span><\/p>\n<\/li>\n<li>\n<p align=\"justify\"><span style=\"font-family: Arial, serif;\">Name und URL der abgerufenen Datei,<\/span><\/p>\n<\/li>\n<li>\n<p align=\"justify\"><span style=\"font-family: Arial, serif;\">Website, von der aus der Zugriff erfolgt (Referrer-URL),<\/span><\/p>\n<\/li>\n<li>\n<p align=\"justify\"><span style=\"font-family: Arial, serif;\">verwendeter Browser und ggf. das Betriebssystem Ihres Rechners sowie der Name Ihres Access-Providers.<\/span><\/p>\n<\/li>\n<\/ul>\n<p align=\"justify\"><span style=\"font-family: Arial, serif;\">Die genannten Daten werden zu dem folgenden Zwecken durch uns verarbeitet:<\/span><\/p>\n<ul>\n<li>\n<p align=\"justify\"><span style=\"font-family: Arial, serif;\">Gew\u00e4hrleistung eines reibungslosen Verbindungsaufbaus der Website,<\/span><\/p>\n<\/li>\n<li>\n<p align=\"justify\"><span style=\"font-family: Arial, serif;\">Gew\u00e4hrleistung einer komfortablen Nutzung unserer Website,<\/span><\/p>\n<\/li>\n<li>\n<p align=\"justify\"><span style=\"font-family: Arial, serif;\">Auswertung der Systemsicherheit und -stabilit\u00e4t sowie<\/span><\/p>\n<\/li>\n<li>\n<p align=\"justify\"><span style=\"font-family: Arial, serif;\">zu weiteren administrativen Zwecken.<\/span><\/p>\n<\/li>\n<\/ul>\n<p align=\"justify\"><span style=\"font-family: Arial, serif;\">Die Rechtsgrundlage f\u00fcr die Datenverarbeitung ist Art.\u00a06 Abs.\u00a01 S.\u00a01 lit.\u00a0f DSGVO. Unser berechtigtes Interesse folgt aus den vorgenannten, oben aufgelisteten Zwecken zur Datenerhebung. In keinem Fall verwenden wir die erhobenen Daten zu dem Zweck, R\u00fcckschl\u00fcsse auf Ihre Person zu ziehen. <\/span><\/p>\n<p align=\"justify\"><span style=\"font-family: Arial, serif;\">Dar\u00fcber hinaus setzen wir beim Besuch unserer Website keine Cookies sowie Analysedienste ein. <\/span><\/p>\n<p align=\"justify\"><span style=\"font-family: Arial, serif;\"><b>b) Bei Nutzung unseres Kontaktformulars<\/b><\/span><\/p>\n<p align=\"justify\"><span style=\"font-family: Arial, serif;\">Auf unserer Website ist ein Kontaktformular eingerichtet, das f\u00fcr die elektronische Kontaktaufnahme genutzt werden kann. Die Angabe einer g\u00fcltigen E-Mail-Adresse ist dabei erforderlich, damit nachvollzogen werden kann, von wem die Anfrage stammt und um diese beantworten zu k\u00f6nnen. Weitere Angaben k\u00f6nnen freiwillig get\u00e4tigt werden.<\/span><\/p>\n<p align=\"justify\"><span style=\"font-family: Arial, serif;\">Nimmt ein Nutzer die M\u00f6glichkeit des Kontaktformulars wahr, so werden die in der Eingabemaske eingegeben Daten an uns \u00fcbermittelt und gespeichert. Folgende Daten werden gespeichert:<\/span><\/p>\n<p align=\"justify\"><span style=\"font-family: Arial, serif;\">E-Mail-Adresse des Nutzers und Name<\/span><\/p>\n<p align=\"justify\"><span style=\"font-family: Arial, serif;\">F\u00fcr die Verarbeitung der Daten wird im Rahmen des Absende-Vorgangs Ihre Einwilligung eingeholt und auf diese Datenschutzerkl\u00e4rung verwiesen.<\/span><\/p>\n<p align=\"justify\"><span style=\"font-family: Arial, serif;\">Alternativ ist eine Kontaktaufnahme \u00fcber die auf unserer Website bereitgestellte Praxis-E-Mail-Adresse m\u00f6glich. In diesem Fall werden die mit der E-Mail \u00fcbermittelten personenbezogenen Daten des Nutzers gespeichert. <\/span><\/p>\n<p align=\"justify\"><span style=\"font-family: Arial, serif;\">Es erfolgt in diesem Zusammenhang keine Weitergabe der Daten an Dritte. Die Daten werden ausschlie\u00dflich f\u00fcr die Verarbeitung der Kommunikation verwendet. Die Datenverarbeitung zum Zwecke der Kontaktaufnahme mit uns erfolgt nach Art.\u00a06 Abs.\u00a01 S.\u00a01 lit.\u00a0a DSGVO auf Grundlage Ihrer freiwillig erteilten Einwilligung.<\/span><\/p>\n<p align=\"justify\"><span style=\"font-family: Arial, serif;\">Die f\u00fcr die Benutzung des Kontaktformulars von uns erhobenen personenbezogenen Daten werden nach Erledigung der von Ihnen gestellten Anfrage automatisch gel\u00f6scht.<\/span><\/p>\n<p align=\"center\"><span style=\"font-family: Arial, serif;\"><span style=\"font-size: medium;\"><b>2. Weitergabe von Daten<\/b><\/span><\/span><\/p>\n<p align=\"justify\"><span style=\"font-family: Arial, serif;\">Eine \u00dcbermittlung Ihrer pers\u00f6nlichen Daten an Dritte zu anderen als den im Folgenden aufgef\u00fchrten Zwecken findet nicht statt.<\/span><\/p>\n<p align=\"justify\"><span style=\"font-family: Arial, serif;\">Wir geben Ihre pers\u00f6nlichen Daten nur an Dritte weiter, wenn:<\/span><\/p>\n<ul>\n<li>\n<p align=\"justify\"><span style=\"font-family: Arial, serif;\">Sie Ihre nach Art.\u00a06 Abs.\u00a01 S.\u00a01 lit.\u00a0a DSGVO ausdr\u00fcckliche Einwilligung dazu erteilt haben,<\/span><\/p>\n<\/li>\n<li>\n<p align=\"justify\"><span style=\"font-family: Arial, serif;\">die Weitergabe nach Art.\u00a06 Abs.\u00a01 S.\u00a01 lit.\u00a0f DSGVO zur Geltendmachung, Aus\u00fcbung oder Verteidigung von Rechtsanspr\u00fcchen erforderlich ist und kein Grund zur Annahme besteht, dass Sie ein \u00fcberwiegendes schutzw\u00fcrdiges Interesse an der Nichtweitergabe Ihrer Daten haben,<\/span><\/p>\n<\/li>\n<li>\n<p align=\"justify\"><span style=\"font-family: Arial, serif;\">f\u00fcr den Fall, dass f\u00fcr die Weitergabe nach Art.\u00a06 Abs.\u00a01 S.\u00a01 lit.\u00a0c DSGVO eine gesetzliche Verpflichtung besteht, sowie<\/span><\/p>\n<\/li>\n<li>\n<p align=\"justify\"><span style=\"font-family: Arial, serif;\">dies gesetzlich zul\u00e4ssig und nach Art.\u00a06 Abs.\u00a01 S.\u00a01 lit.\u00a0b DSGVO f\u00fcr die Abwicklung von Vertragsverh\u00e4ltnissen mit Ihnen erforderlich ist.<\/span><\/p>\n<\/li>\n<\/ul>\n<p align=\"center\"><span style=\"font-family: Arial, serif;\"><span style=\"font-size: medium;\"><b>3. Betroffenenrechte<\/b><\/span><\/span><\/p>\n<p align=\"justify\"><span style=\"font-family: Arial, serif;\">Sie haben das Recht:<\/span><\/p>\n<ul>\n<li>\n<p align=\"justify\"><span style=\"font-family: Arial, serif;\">gem\u00e4\u00df Art.\u00a015 DSGVO <\/span><span style=\"font-family: Arial, serif;\"><b>Auskunft \u00fcber Ihre von uns verarbeiteten personenbezogenen Daten<\/b><\/span><span style=\"font-family: Arial, serif;\"> zu verlangen. Insbesondere k\u00f6nnen Sie Auskunft \u00fcber die Verarbeitungszwecke, die Kategorie der personenbezogenen Daten, die Kategorien von Empf\u00e4ngern, gegen\u00fcber denen Ihre Daten offengelegt wurden oder werden, die geplante Speicherdauer, das Bestehen eines Rechts auf Berichtigung, L\u00f6schung, Einschr\u00e4nkung der Verarbeitung oder Widerspruch, das Bestehen eines Beschwerderechts, die Herkunft ihrer Daten, sofern diese nicht bei uns erhoben wurden, sowie \u00fcber das Bestehen einer automatisierten Entscheidungsfindung einschlie\u00dflich Profiling und ggf. aussagekr\u00e4ftigen Informationen zu deren Einzelheiten verlangen;<\/span><\/p>\n<\/li>\n<li>\n<p align=\"justify\"><span style=\"font-family: Arial, serif;\">gem\u00e4\u00df Art.\u00a016 DSGVO unverz\u00fcglich die <\/span><span style=\"font-family: Arial, serif;\"><b>Berichtigung unrichtiger oder Vervollst\u00e4ndigung<\/b><\/span><span style=\"font-family: Arial, serif;\"> Ihrer bei uns gespeicherten personenbezogenen Daten zu verlangen;<\/span><\/p>\n<\/li>\n<li>\n<p align=\"justify\"><span style=\"font-family: Arial, serif;\">gem\u00e4\u00df Art.\u00a017 DSGVO die <\/span><span style=\"font-family: Arial, serif;\"><b>L\u00f6schung<\/b><\/span><span style=\"font-family: Arial, serif;\"> Ihrer bei uns gespeicherten personenbezogenen Daten zu verlangen, soweit nicht die Verarbeitung zur Aus\u00fcbung des Rechts auf freie Meinungs\u00e4u\u00dferung und Information, zur Erf\u00fcllung einer rechtlichen Verpflichtung, aus Gr\u00fcnden des \u00f6ffentlichen Interesses oder zur Geltendmachung, Aus\u00fcbung oder Verteidigung von Rechtsanspr\u00fcchen erforderlich ist;<\/span><\/p>\n<\/li>\n<li>\n<p align=\"justify\"><span style=\"font-family: Arial, serif;\">gem\u00e4\u00df Art.\u00a018 DSGVO die <\/span><span style=\"font-family: Arial, serif;\"><b>Einschr\u00e4nkung der Verarbeitung Ihrer personenbezogenen Daten<\/b><\/span><span style=\"font-family: Arial, serif;\"> zu verlangen, soweit die Richtigkeit der Daten von Ihnen bestritten wird, die Verarbeitung unrechtm\u00e4\u00dfig ist, Sie aber deren L\u00f6schung ablehnen und wir die Daten nicht mehr ben\u00f6tigen, Sie jedoch diese zur Geltendmachung, Aus\u00fcbung oder Verteidigung von Rechtsanspr\u00fcchen ben\u00f6tigen oder Sie gem\u00e4\u00df Art.\u00a021 DSGVO Widerspruch gegen die Verarbeitung eingelegt haben;<\/span><\/p>\n<\/li>\n<li>\n<p align=\"justify\"><span style=\"font-family: Arial, serif;\">gem\u00e4\u00df Art.\u00a020 DSGVO Ihre personenbezogenen Daten, die Sie uns bereitgestellt haben, in einem <\/span><span style=\"font-family: Arial, serif;\"><b>strukturierten, g\u00e4ngigen und maschinenlesebaren Format<\/b><\/span><span style=\"font-family: Arial, serif;\"> zu erhalten oder die \u00dcbermittlung an einen anderen Verantwortlichen zu verlangen;<\/span><\/p>\n<\/li>\n<li>\n<p align=\"justify\"><span style=\"font-family: Arial, serif;\">gem\u00e4\u00df Art.\u00a07 Abs.\u00a03 DSGVO Ihre einmal erteilte <\/span><span style=\"font-family: Arial, serif;\"><b>Einwilligung jederzeit gegen\u00fcber uns zu widerrufen.<\/b><\/span><span style=\"font-family: Arial, serif;\"> Dies hat zur Folge, dass wir die Datenverarbeitung, die auf dieser Einwilligung beruhte, f\u00fcr die Zukunft nicht mehr fortf\u00fchren d\u00fcrfen und<\/span><\/p>\n<\/li>\n<li>\n<p align=\"justify\"><span style=\"font-family: Arial, serif;\">gem\u00e4\u00df Art.\u00a077 DSGVO sich bei einer <\/span><span style=\"font-family: Arial, serif;\"><b>Aufsichtsbeh\u00f6rde zu beschweren<\/b><\/span><span style=\"font-family: Arial, serif;\">. In der Regel k\u00f6nnen Sie sich hierf\u00fcr an die Aufsichtsbeh\u00f6rde Ihres \u00fcblichen Aufenthaltsortes oder Arbeitsplatzes oder unseres Praxissitzes wenden.<\/span><\/p>\n<\/li>\n<\/ul>\n<p align=\"center\"><span style=\"font-family: Arial, serif;\"><span style=\"font-size: medium;\"><b>4. Widerspruchsrecht<\/b><\/span><\/span><\/p>\n<p align=\"justify\"><span style=\"font-family: Arial, serif;\">Sofern Ihre personenbezogenen Daten auf Grundlage von berechtigten Interessen gem\u00e4\u00df Art.\u00a06 Abs.\u00a01 S.\u00a01 lit.\u00a0f DSGVO verarbeitet werden, haben Sie das Recht, gem\u00e4\u00df Art.\u00a021 DSGVO Widerspruch gegen die Verarbeitung Ihrer personenbezogenen Daten einzulegen, soweit daf\u00fcr Gr\u00fcnde vorliegen, die sich aus Ihrer besonderen Situation ergeben oder sich der Widerspruch gegen Direktwerbung richtet. Im letzteren Fall haben Sie ein generelles Widerspruchsrecht, das ohne Angabe einer besonderen Situation von uns umgesetzt wird.<\/span><\/p>\n<p align=\"justify\"><span style=\"font-family: Arial, serif;\">M\u00f6chten Sie von Ihrem Widerrufs- oder Widerspruchsrecht Gebrauch machen, gen\u00fcgt eine E-Mail an <span style=\"color: #0000ff;\"><u>info@cigelski.com<\/u><\/span><\/span><\/p>\n<p align=\"center\"><span style=\"font-family: Arial, serif;\"><span style=\"font-size: medium;\"><b>5. Datensicherheit<\/b><\/span><\/span><\/p>\n<p align=\"justify\"><span style=\"font-family: Arial, serif;\">Wir verwenden innerhalb des Website-Besuchs das verbreitete SSL-Verfahren (Secure Socket Layer) in Verbindung mit der jeweils h\u00f6chsten Verschl\u00fcsselungsstufe, die von Ihrem Browser unterst\u00fctzt wird. In der Regel handelt es sich dabei um eine 256 Bit Verschl\u00fcsselung. Falls Ihr Browser keine 256-Bit Verschl\u00fcsselung unterst\u00fctzt, greifen wir stattdessen auf 128-Bit v3 Technologie zur\u00fcck. Ob eine einzelne Seite unseres Internetauftrittes verschl\u00fcsselt \u00fcbertragen wird, erkennen Sie an der geschlossenen Darstellung des Sch\u00fcssel- beziehungsweise Schloss-Symbols in der unteren Statusleiste Ihres Browsers.<\/span><\/p>\n<p align=\"justify\"><span style=\"font-family: Arial, serif;\">Wir bedienen uns im \u00dcbrigen geeigneter technischer und organisatorischer Sicherheitsma\u00dfnahmen, um Ihre Daten gegen zuf\u00e4llige oder vors\u00e4tzliche Manipulationen, teilweisen oder vollst\u00e4ndigen Verlust, Zerst\u00f6rung oder gegen den unbefugten Zugriff Dritter zu sch\u00fctzen. Unsere Sicherheitsma\u00dfnahmen werden entsprechend der technologischen Entwicklung fortlaufend verbessert.<\/span><\/p>\n<p align=\"center\"><span style=\"font-family: Arial, serif;\"><span style=\"font-size: medium;\"><b>6. Aktualit\u00e4t und \u00c4nderung dieser Datenschutzerkl\u00e4rung<\/b><\/span><\/span><\/p>\n<p align=\"justify\"><span style=\"font-family: Arial, serif;\">Diese Datenschutzerkl\u00e4rung ist aktuell g\u00fcltig und hat den Stand Mai 2018.<\/span><\/p>\n<p align=\"justify\"><span style=\"font-family: Arial, serif;\">Durch die Weiterentwicklung unserer Website und Angebote dar\u00fcber oder aufgrund ge\u00e4nderter gesetzlicher beziehungsweise beh\u00f6rdlicher Vorgaben kann es notwendig werden, diese Datenschutzerkl\u00e4rung zu \u00e4ndern. Die jeweils aktuelle Datenschutzerkl\u00e4rung kann jederzeit auf der Website unter <a href=\"https:\/\/www.Praxis-xy.de\/datenschutz\">http:\/\/www.cigelski.com\/?page_id=197<\/a>\u00a0von Ihnen abgerufen und ausgedruckt werden.<\/span><\/p>\n<div id=\"sdfootnote1\">\n<p>&nbsp;<\/p>\n<\/div>\n","protected":false},"excerpt":{"rendered":"<p>Datenschutzerkl\u00e4rung nach den Vorgaben der Datenschutzgrundverordnung (DSGVO-EU) Name und Kontaktdaten des f\u00fcr die Verarbeitung Verantwortlichen Diese Datenschutz-Information gilt f\u00fcr die Datenverarbeitung durch: Verantwortlicher: Psychotherapeutische Praxis Sophia Cigelski (im Folgenden: SC) Hafenweg 26b 48155 M\u00fcnster Deutschland E-Mail: info@cigelski.com Telefon: (0)251 \u2013&hellip; <\/p>\n","protected":false},"author":1,"featured_media":0,"parent":0,"menu_order":0,"comment_status":"closed","ping_status":"closed","template":"","meta":[],"_links":{"self":[{"href":"http:\/\/www.cigelski.com\/index.php?rest_route=\/wp\/v2\/pages\/197"}],"collection":[{"href":"http:\/\/www.cigelski.com\/index.php?rest_route=\/wp\/v2\/pages"}],"about":[{"href":"http:\/\/www.cigelski.com\/index.php?rest_route=\/wp\/v2\/types\/page"}],"author":[{"embeddable":true,"href":"http:\/\/www.cigelski.com\/index.php?rest_route=\/wp\/v2\/users\/1"}],"replies":[{"embeddable":true,"href":"http:\/\/www.cigelski.com\/index.php?rest_route=%2Fwp%2Fv2%2Fcomments&post=197"}],"version-history":[{"count":3,"href":"http:\/\/www.cigelski.com\/index.php?rest_route=\/wp\/v2\/pages\/197\/revisions"}],"predecessor-version":[{"id":203,"href":"http:\/\/www.cigelski.com\/index.php?rest_route=\/wp\/v2\/pages\/197\/revisions\/203"}],"wp:attachment":[{"href":"http:\/\/www.cigelski.com\/index.php?rest_route=%2Fwp%2Fv2%2Fmedia&parent=197"}],"curies":[{"name":"wp","href":"https:\/\/api.w.org\/{rel}","templated":true}]}}